{"version":"1.0","provider_name":"R\u00e9seau Capital","provider_url":"https:\/\/reseaucapital.com\/en\/","author_name":"Catherine_admin","author_url":"https:\/\/reseaucapital.com\/en\/author\/catherine_admin\/","title":"M\u00e9moire dans le cadre des consultations pr\u00e9budg\u00e9taires - R\u00e9seau Capital","type":"rich","width":600,"height":338,"html":"<blockquote class=\"wp-embedded-content\" data-secret=\"enFExAdPs1\"><a href=\"https:\/\/reseaucapital.com\/en\/news\/memoire-dans-le-cadre-des-consultations-prebudgetaires\/\">M\u00e9moire dans le cadre des consultations pr\u00e9budg\u00e9taires<\/a><\/blockquote><iframe sandbox=\"allow-scripts\" security=\"restricted\" src=\"https:\/\/reseaucapital.com\/en\/news\/memoire-dans-le-cadre-des-consultations-prebudgetaires\/embed\/#?secret=enFExAdPs1\" width=\"600\" height=\"338\" title=\"&#8220;M\u00e9moire dans le cadre des consultations pr\u00e9budg\u00e9taires&#8221; &#8212; R\u00e9seau Capital\" data-secret=\"enFExAdPs1\" frameborder=\"0\" marginwidth=\"0\" marginheight=\"0\" scrolling=\"no\" class=\"wp-embedded-content\"><\/iframe><script type=\"text\/javascript\">\n\/* <![CDATA[ *\/\n\/*! This file is auto-generated *\/\n!function(d,l){\"use strict\";l.querySelector&&d.addEventListener&&\"undefined\"!=typeof URL&&(d.wp=d.wp||{},d.wp.receiveEmbedMessage||(d.wp.receiveEmbedMessage=function(e){var t=e.data;if((t||t.secret||t.message||t.value)&&!\/[^a-zA-Z0-9]\/.test(t.secret)){for(var s,r,n,a=l.querySelectorAll('iframe[data-secret=\"'+t.secret+'\"]'),o=l.querySelectorAll('blockquote[data-secret=\"'+t.secret+'\"]'),c=new RegExp(\"^https?:$\",\"i\"),i=0;i<o.length;i++)o[i].style.display=\"none\";for(i=0;i<a.length;i++)s=a[i],e.source===s.contentWindow&&(s.removeAttribute(\"style\"),\"height\"===t.message?(1e3<(r=parseInt(t.value,10))?r=1e3:~~r<200&&(r=200),s.height=r):\"link\"===t.message&&(r=new URL(s.getAttribute(\"src\")),n=new URL(t.value),c.test(n.protocol))&&n.host===r.host&&l.activeElement===s&&(d.top.location.href=t.value))}},d.addEventListener(\"message\",d.wp.receiveEmbedMessage,!1),l.addEventListener(\"DOMContentLoaded\",function(){for(var e,t,s=l.querySelectorAll(\"iframe.wp-embedded-content\"),r=0;r<s.length;r++)(t=(e=s[r]).getAttribute(\"data-secret\"))||(t=Math.random().toString(36).substring(2,12),e.src+=\"#?secret=\"+t,e.setAttribute(\"data-secret\",t)),e.contentWindow.postMessage({message:\"ready\",secret:t},\"*\")},!1)))}(window,document);\n\/\/# sourceURL=https:\/\/reseaucapital.com\/wp-includes\/js\/wp-embed.min.js\n\/* ]]> *\/\n<\/script>\n","description":"Dans le cadre des r\u00e9flexions pr\u00e9budg\u00e9taires, le minist\u00e8re des Finances consulte plusieurs organismes \u00e0 vocation \u00e9conomique pour recueillir des propositions concr\u00e8tes et acc\u00e9l\u00e9rer le d\u00e9veloppement \u00e9conomique du Qu\u00e9bec. Dans ce m\u00e9moire, R\u00e9seau Capital, l\u2019association du capital de risque et du capital de d\u00e9veloppement regroupant l\u2019ensemble des acteurs de la cha\u00eene de financement actifs au Qu\u00e9bec, &hellip; Continued"}